
{"id":29,"date":"2020-09-08T21:14:59","date_gmt":"2020-09-08T19:14:59","guid":{"rendered":"http:\/\/communaute-israelite-saint-louis.fr\/?page_id=29"},"modified":"2024-10-29T21:37:20","modified_gmt":"2024-10-29T20:37:20","slug":"vie-juive-et-activites-communautaires","status":"publish","type":"page","link":"https:\/\/communaute-israelite-saint-louis.fr\/?page_id=29","title":{"rendered":"VIE JUIVE ET ACTIVIT\u00c9S COMMUNAUTAIRES"},"content":{"rendered":"\n<p>Des \u00e9v\u00e8nements et repas communautaires sont organis\u00e9es tout au long de l&rsquo;ann\u00e9e.<\/p>\n\n\n\n<p>Un kollel du jour ET un (autre) kollel du soir  est organis\u00e9 pour ceux qui d\u00e9sirent \u00e9tudier.<\/p>\n\n\n\n<p>Nous avons un Talmud Thora.&nbsp;&nbsp;<\/p>\n\n\n\n<h4 class=\"wp-block-heading\"><strong>HORAIRES DES OFFICES DE SHABBAT ET F<strong>\u00ca<\/strong>TES.<\/strong><\/h4>\n\n\n\n<p>Horaires des Offices :<\/p>\n\n\n\n<h5 class=\"wp-block-heading\">\u00c9T\u00c9 &#8211; \u00e0 la Synagogue, 5 RUE DE LA SYNAGOGUE<\/h5>\n\n\n\n<h5 class=\"wp-block-heading\">HIVER &#8211; Centre Communautaire, 19 rue du temple <\/h5>\n\n\n\n<ul class=\"wp-block-list\">\n<li>Hiver : Vendredi soir : Min&rsquo;ha \/ Maariv 20 min. avant coucher du soleil<\/li>\n\n\n\n<li>Et\u00e9 : Vendredi soir : Min&rsquo;ha \/ Maariv 10 min. avant plag hamin&rsquo;ha<\/li>\n\n\n\n<li>Samedi matin : 9h00, Min&rsquo;ha \u00e0 voir sur place, Maariv avec la nuit<\/li>\n<\/ul>\n\n\n\n<div class=\"wp-block-file\"><a id=\"wp-block-file--media-dd4fb21c-d6dd-4899-9bcb-dfff10f006da\" href=\"http:\/\/communaute-israelite-saint-louis.fr\/?page_id=631\">Lien vers page de t\u00e9l\u00e9chargement des horaires(2023)<\/a><\/div>\n\n\n\n<div class=\"wp-block-media-text alignwide is-stacked-on-mobile\"><figure class=\"wp-block-media-text__media\"><\/figure><div class=\"wp-block-media-text__content\">\n<p class=\"has-large-font-size\"><\/p>\n<\/div><\/div>\n\n\n\n<p><strong>DVAR THORAH DE RAV BREISACHER<\/strong><\/p>\n\n\n\n<h5 class=\"wp-block-heading\">horaires deS OFFICES EN SEMAINE : YESCHIVAH, 3 rue du Gal Cassagnou<\/h5>\n\n\n\n<p><\/p>\n\n\n\n<p><\/p>\n\n\n\n<ul class=\"wp-block-list\">\n<li>Hiver : Matin : 8h00 Min&rsquo;ha : 13h30&nbsp; &nbsp; Maariv : 19h30<\/li>\n\n\n\n<li>Et\u00e9 : Matin : 8h00 Min&rsquo;ha : 19h30 Maariv : 22h15<\/li>\n<\/ul>\n\n\n\n<p><\/p>\n\n\n\n<h5 class=\"wp-block-heading\"><\/h5>\n\n\n\n<p><\/p>\n\n\n\n<h4 class=\"wp-block-heading\"><strong>RESPONSABLES COMMUNAUTAIRES<\/strong><\/h4>\n\n\n\n<p><strong>Rabbin<\/strong> : Rapha\u00ebl Breisacher, tel: 03 89 67 78 90<\/p>\n\n\n\n<p>David-Olivier Ehrlich, <strong>Pr\u00e9sident<\/strong> &#8211; contactlacisl@gmail.com<\/p>\n\n\n\n<p><strong>Secr\u00e9taire<\/strong>: H.Y.Bloede<\/p>\n\n\n\n<p>N.Ackermann &#8211; <strong>Membre du comit\u00e9 &#8211; projets<\/strong><\/p>\n\n\n\n<p>Jean Schwab,  <strong>Tr\u00e9sorier et Vice Pr\u00e9sident<\/strong>, t\u00e9l. 03 89 69 90 04 email: schwab.jean(at)neuf.fr <\/p>\n\n\n\n<p>E.Bruhman &#8211;<strong> Membre du comit\u00e9 &#8211; projets et s\u00e9curit\u00e9<\/strong><\/p>\n\n\n\n<p> contactlacisl@gmail.com<\/p>\n\n\n\n<p><br><\/p>\n\n\n\n<p><\/p>\n\n\n\n<h4 class=\"wp-block-heading\"><strong>REPONSABLE DE LA YESHIVA (priv\u00e9e):<\/strong> <\/h4>\n\n\n\n<p>Rav Yaacov Meyer, <strong>Directeur\/Roch Yeshiva<\/strong><\/p>\n\n\n\n<p><\/p>\n\n\n\n<p><\/p>\n","protected":false},"excerpt":{"rendered":"<p>Des \u00e9v\u00e8nements et repas communautaires sont organis\u00e9es tout au long de l&rsquo;ann\u00e9e. Un kollel du jour ET un (autre) kollel du soir est organis\u00e9 pour ceux qui d\u00e9sirent \u00e9tudier. Nous &#8230;<\/p>\n","protected":false},"author":1,"featured_media":0,"parent":0,"menu_order":0,"comment_status":"closed","ping_status":"closed","template":"","meta":{"footnotes":""},"class_list":["post-29","page","type-page","status-publish","hentry"],"_links":{"self":[{"href":"https:\/\/communaute-israelite-saint-louis.fr\/index.php?rest_route=\/wp\/v2\/pages\/29"}],"collection":[{"href":"https:\/\/communaute-israelite-saint-louis.fr\/index.php?rest_route=\/wp\/v2\/pages"}],"about":[{"href":"https:\/\/communaute-israelite-saint-louis.fr\/index.php?rest_route=\/wp\/v2\/types\/page"}],"author":[{"embeddable":true,"href":"https:\/\/communaute-israelite-saint-louis.fr\/index.php?rest_route=\/wp\/v2\/users\/1"}],"replies":[{"embeddable":true,"href":"https:\/\/communaute-israelite-saint-louis.fr\/index.php?rest_route=%2Fwp%2Fv2%2Fcomments&post=29"}],"version-history":[{"count":31,"href":"https:\/\/communaute-israelite-saint-louis.fr\/index.php?rest_route=\/wp\/v2\/pages\/29\/revisions"}],"predecessor-version":[{"id":662,"href":"https:\/\/communaute-israelite-saint-louis.fr\/index.php?rest_route=\/wp\/v2\/pages\/29\/revisions\/662"}],"wp:attachment":[{"href":"https:\/\/communaute-israelite-saint-louis.fr\/index.php?rest_route=%2Fwp%2Fv2%2Fmedia&parent=29"}],"curies":[{"name":"wp","href":"https:\/\/api.w.org\/{rel}","templated":true}]}}